{"id":1157,"date":"2020-07-07T11:55:52","date_gmt":"2020-07-07T11:55:52","guid":{"rendered":"https:\/\/dessa-art.com\/activities\/"},"modified":"2024-08-26T07:58:55","modified_gmt":"2024-08-26T07:58:55","slug":"aktivitaeten","status":"publish","type":"page","link":"https:\/\/dessa-art.com\/de\/aktivitaeten\/","title":{"rendered":"Aktivit\u00e4ten"},"content":{"rendered":"\n<style type=\"text\/css\" data-created_by=\"avia_inline_auto\" id=\"style-css-av-19xpp-dcb936ffc9bd8d4d866d40c594cabdbd\">\n.avia-section.av-19xpp-dcb936ffc9bd8d4d866d40c594cabdbd{\nbackground-color:#4c7d9a;\nbackground-image:unset;\n}\n<\/style>\n<div id='av_section_1'  class='avia-section av-19xpp-dcb936ffc9bd8d4d866d40c594cabdbd main_color avia-section-default avia-no-border-styling  avia-builder-el-0  el_before_av_section  avia-builder-el-first  av-desktop-hide av-medium-hide av-small-hide av-mini-hide avia-bg-style-scroll container_wrap fullsize'  ><div class='container av-section-cont-open' ><main  role=\"main\" itemprop=\"mainContentOfPage\"  class='template-page content  av-content-full alpha units'><div class='post-entry post-entry-type-page post-entry-1157'><div class='entry-content-wrapper clearfix'>\n\n<style type=\"text\/css\" data-created_by=\"avia_inline_auto\" id=\"style-css-av-1lix5-55c1f1434a8cacba0c7f02f53d3ce188\">\n.flex_column.av-1lix5-55c1f1434a8cacba0c7f02f53d3ce188{\nborder-radius:0px 0px 0px 0px;\npadding:0px 0px 0px 0px;\n}\n<\/style>\n<div  class='flex_column av-1lix5-55c1f1434a8cacba0c7f02f53d3ce188 av_one_full  avia-builder-el-1  el_before_av_one_half  avia-builder-el-first  first flex_column_div av-zero-column-padding  '     ><style type=\"text\/css\" data-created_by=\"avia_inline_auto\" id=\"style-css-av-khum8exs-2128d5b0dcaa0d3493a7975ca013d405\">\n#top .av-special-heading.av-khum8exs-2128d5b0dcaa0d3493a7975ca013d405{\npadding-bottom:10px;\ncolor:#ffffff;\n}\nbody .av-special-heading.av-khum8exs-2128d5b0dcaa0d3493a7975ca013d405 .av-special-heading-tag .heading-char{\nfont-size:25px;\n}\n.av-special-heading.av-khum8exs-2128d5b0dcaa0d3493a7975ca013d405 .special-heading-inner-border{\nborder-color:#ffffff;\n}\n.av-special-heading.av-khum8exs-2128d5b0dcaa0d3493a7975ca013d405 .av-subheading{\nfont-size:15px;\n}\n<\/style>\n<div  class='av-special-heading av-khum8exs-2128d5b0dcaa0d3493a7975ca013d405 av-special-heading-h2 custom-color-heading blockquote modern-quote modern-centered  avia-builder-el-2  avia-builder-el-no-sibling '><h2 class='av-special-heading-tag '  itemprop=\"headline\"  >Aktuelle <span class='special_amp'>&amp;<\/span> kommende Ausstellungen <\/h2><div class=\"special-heading-border\"><div class=\"special-heading-inner-border\"><\/div><\/div><\/div><\/div><div class='flex_column_table av-vrlt-59276407877d7338b04817dc33741ae5 sc-av_one_half av-equal-height-column-flextable'>\n<style type=\"text\/css\" data-created_by=\"avia_inline_auto\" id=\"style-css-av-vrlt-59276407877d7338b04817dc33741ae5\">\n.flex_column.av-vrlt-59276407877d7338b04817dc33741ae5{\nborder-radius:0px 0px 0px 0px;\npadding:30px 30px 30px 30px;\n}\n<\/style>\n<div  class='flex_column av-vrlt-59276407877d7338b04817dc33741ae5 av_one_half  avia-builder-el-3  el_after_av_one_full  el_before_av_one_half  first no_margin flex_column_table_cell av-equal-height-column av-align-top  column-top-margin'     ><style type=\"text\/css\" data-created_by=\"avia_inline_auto\" id=\"style-css-av-kcdd7gq8-392ff5a1d230d6bdb2a9da3d64e94d79\">\n#top .av_textblock_section.av-kcdd7gq8-392ff5a1d230d6bdb2a9da3d64e94d79 .avia_textblock{\ncolor:#ffffff;\n}\n<\/style>\n<section  class='av_textblock_section av-kcdd7gq8-392ff5a1d230d6bdb2a9da3d64e94d79 '   itemscope=\"itemscope\" itemtype=\"https:\/\/schema.org\/CreativeWork\" ><div class='avia_textblock av_inherit_color'  itemprop=\"text\" ><h1 style=\"text-align: right;\"><strong>Pyramidale #19 | Luft<\/strong><\/h1>\n<h4 style=\"text-align: right;\">Ausstellungszentrum Pyramide, Berlin<\/h4>\n<p style=\"text-align: right;\">24 September 2020<\/p>\n<\/div><\/section><br \/>\n<div  class='avia-button-wrap av-kcfuyizt-60c19804fc7314cdd697dc11b149ee82-wrap avia-button-right  avia-builder-el-5  el_after_av_textblock  avia-builder-el-last '><a href='https:\/\/dessa-art.com\/wp-content\/uploads\/2020\/10\/pyramidale.pdf'  class='avia-button av-kcfuyizt-60c19804fc7314cdd697dc11b149ee82 av-link-btn avia-icon_select-no avia-size-medium avia-position-right avia-color-light'  target=\"_blank\"  rel=\"noopener noreferrer\"  aria-label=\"Program Flyer\"><span class='avia_iconbox_title' >Program Flyer<\/span><\/a><\/div><\/p><\/div>\n<style type=\"text\/css\" data-created_by=\"avia_inline_auto\" id=\"style-css-av-vrlt-a7baf4ca83672ea0f58285aea616c23a\">\n.flex_column.av-vrlt-a7baf4ca83672ea0f58285aea616c23a{\nborder-radius:0px 0px 0px 0px;\npadding:30px 30px 30px 30px;\n}\n<\/style>\n<div  class='flex_column av-vrlt-a7baf4ca83672ea0f58285aea616c23a av_one_half  avia-builder-el-6  el_after_av_one_half  avia-builder-el-last  no_margin flex_column_table_cell av-equal-height-column av-align-top  column-top-margin'     ><style type=\"text\/css\" data-created_by=\"avia_inline_auto\" id=\"style-css-av-kcdd7gq8-392ff5a1d230d6bdb2a9da3d64e94d79\">\n#top .av_textblock_section.av-kcdd7gq8-392ff5a1d230d6bdb2a9da3d64e94d79 .avia_textblock{\ncolor:#ffffff;\n}\n<\/style>\n<section  class='av_textblock_section av-kcdd7gq8-392ff5a1d230d6bdb2a9da3d64e94d79 '   itemscope=\"itemscope\" itemtype=\"https:\/\/schema.org\/CreativeWork\" ><div class='avia_textblock av_inherit_color'  itemprop=\"text\" ><h4>LUFT NACH OBEN<\/h4>\n<p>Improvisation and Interaktion<\/p>\n<\/div><\/section><\/div><\/div><!--close column table wrapper. Autoclose: 1 -->\n\n<\/div><\/div><\/main><!-- close content main element --><\/div><\/div><div id='av_section_2'  class='avia-section av-1s3ko-9d60424d5fa60fc812b7f2bfc193af9b main_color avia-section-default avia-no-border-styling  avia-builder-el-8  el_after_av_section  avia-builder-el-last  avia-bg-style-scroll container_wrap fullsize'  ><div class='container av-section-cont-open' ><div class='template-page content  av-content-full alpha units'><div class='post-entry post-entry-type-page post-entry-1157'><div class='entry-content-wrapper clearfix'>\n\n<style type=\"text\/css\" data-created_by=\"avia_inline_auto\" id=\"style-css-av-9q2h5x-8a25be4c0cda1042548039761d85189c\">\n#top .av-special-heading.av-9q2h5x-8a25be4c0cda1042548039761d85189c{\nmargin:0 0 0 0;\npadding-bottom:40px;\ncolor:#000000;\n}\nbody .av-special-heading.av-9q2h5x-8a25be4c0cda1042548039761d85189c .av-special-heading-tag .heading-char{\nfont-size:25px;\n}\n.av-special-heading.av-9q2h5x-8a25be4c0cda1042548039761d85189c .special-heading-inner-border{\nborder-color:#000000;\n}\n.av-special-heading.av-9q2h5x-8a25be4c0cda1042548039761d85189c .av-subheading{\nfont-size:15px;\n}\n<\/style>\n<div  class='av-special-heading av-9q2h5x-8a25be4c0cda1042548039761d85189c av-special-heading-h2 custom-color-heading blockquote modern-quote  avia-builder-el-9  el_before_av_one_half  avia-builder-el-first '><h2 class='av-special-heading-tag '  itemprop=\"headline\"  >Fr\u00fchere Ausstellungen, Performances, B\u00fchnendekoration, Workshops, Konferenzen<\/h2><div class=\"special-heading-border\"><div class=\"special-heading-inner-border\"><\/div><\/div><\/div>\n\n<style type=\"text\/css\" data-created_by=\"avia_inline_auto\" id=\"style-css-av-p9fc-c71cf003bdc543befda2c78a35f2703a\">\n.flex_column.av-p9fc-c71cf003bdc543befda2c78a35f2703a{\nborder-radius:0px 0px 0px 0px;\npadding:0px 0px 0px 0px;\n}\n<\/style>\n<div  class='flex_column av-p9fc-c71cf003bdc543befda2c78a35f2703a av_one_half  avia-builder-el-10  el_after_av_heading  el_before_av_one_half  first flex_column_div av-zero-column-padding  '     ><p>\n<style type=\"text\/css\" data-created_by=\"avia_inline_auto\" id=\"style-css-av-a4864t-5674afb7c5b346f0d0f152e62586f7d2\">\n#top .hr.av-a4864t-5674afb7c5b346f0d0f152e62586f7d2{\nmargin-top:30px;\nmargin-bottom:20px;\n}\n.hr.av-a4864t-5674afb7c5b346f0d0f152e62586f7d2 .hr-inner{\nwidth:240px;\nborder-color:#6786a1;\n}\n<\/style>\n<div  class='hr av-a4864t-5674afb7c5b346f0d0f152e62586f7d2 hr-custom  avia-builder-el-11  el_before_av_heading  avia-builder-el-first  hr-left hr-icon-no'><span class='hr-inner inner-border-av-border-thin'><span class=\"hr-inner-style\"><\/span><\/span><\/div><br \/>\n\n<style type=\"text\/css\" data-created_by=\"avia_inline_auto\" id=\"style-css-av-85fidx-37dcbfeb195831d4cf6a69397925ad8c\">\n#top .av-special-heading.av-85fidx-37dcbfeb195831d4cf6a69397925ad8c{\nmargin:0 0 0 0;\npadding-bottom:25px;\n}\nbody .av-special-heading.av-85fidx-37dcbfeb195831d4cf6a69397925ad8c .av-special-heading-tag .heading-char{\nfont-size:25px;\n}\n.av-special-heading.av-85fidx-37dcbfeb195831d4cf6a69397925ad8c .av-subheading{\nfont-size:15px;\n}\n<\/style>\n<div  class='av-special-heading av-85fidx-37dcbfeb195831d4cf6a69397925ad8c av-special-heading-h2 blockquote modern-quote  avia-builder-el-12  el_after_av_hr  el_before_av_textblock '><h2 class='av-special-heading-tag '  itemprop=\"headline\"  >Museen und \u00f6ffentliche R\u00e4ume<\/h2><div class=\"special-heading-border\"><div class=\"special-heading-inner-border\"><\/div><\/div><\/div><br \/>\n<section  class='av_textblock_section av-kcek8lw0-f6bd30931176004ab90c75910bbc411c '   itemscope=\"itemscope\" itemtype=\"https:\/\/schema.org\/CreativeWork\" ><div class='avia_textblock'  itemprop=\"text\" ><p><strong>2022<\/strong><\/p>\n<p>Abgeordnetenhaus Berlin (Berlin Parliament). DESSA: The Art of Remembrance &#8211; Alice Salomon. Exhibition to commemorate the 150th birthday of the Berlin born social reformer and feminist<\/p>\n<p><strong>2021<\/strong><\/p>\n<p>Centre Culturel Maison Visinand, Montreux \u2013 Les figures f\u00e9ministes \u00e0 travers les \u00e2ges (exposition collective) avec <a href=\"https:\/\/www.espaceartistesfemmes.ch\">Espace Artistes Femmes<\/a><\/p>\n<p><strong>2020<\/strong><\/p>\n<p>Gymnasium Beaulieu, Lausanne \u00ab\u00a0L\u2019ART: \u00e9cho de l\u2019indicible\u00a0\u00bb educational project based on art project \u201cA Legacy from Theresienstadt\u201d (1997)<\/p>\n<p><strong>2018<\/strong><\/p>\n<p>Ausstellungszentrum Pyramide, \u00abBerlin \u2013 DESSA Kunst und Erinnern \u00bb (Art and Remembrance). Exhibition to commemorate 80 years since Pogrom Nacht, 9. November 1938 \u00bb. Patron of the exhibition Petra Pau, Vice-President of the German Bundestag<\/p>\n<p><strong>2018<\/strong><\/p>\n<p>frauen museum wiesbaden &#8211; \u00ab The Art of Remembrance: Alice Salomon \u00bb<\/p>\n<p><strong>2016<\/strong><\/p>\n<p>Mitte Museum, Berlin &#8211; \u00ab DESSA: Kaufhaus Nathan Israel 1815-1939. Eine K\u00fcnstlerin erforscht Geschichte \u00bb (An Artist researches History)<\/p>\n<p><strong>2008<\/strong><\/p>\n<p>20th Festival Anniversary of Krakow Composers \u2013 paintings inspired by the music of Olivier Messiaen and Viktor Ullmann. Exhibition held in the Centrum Judaicum, Krakow<\/p>\n<p><strong>2008<\/strong><\/p>\n<p>Foyer Amtsgericht, Bad Cannstatt, Stuttgart \u2013 DESSA \u00ab Land Escapes \u00bb. Exhibition organised by Irene Schmid, Galerie Kunsth\u00f6fle<\/p>\n<p><strong>2008<\/strong><\/p>\n<p>Concerts de Montbenon, Lausanne \u2013 10th Anniversary of the magazine Ph+arts. Lala Isakova, piano &#8211; Viktor Ullmann\u2019s Piano Sonata No 7 &#8211; simultaneous screen projection of the paintings from \u00abA Legacy from Theresienstadt \u00bb<\/p>\n<p><strong>2008<\/strong><\/p>\n<p>Musique et pinceaux \u2013 5 concerts, live painting with screen projection. Music Dominique Gesseney-Rappo, conductor Blaise H\u00e9ritier &amp; Flying Brass, film Bernard Villat<\/p>\n<p><strong>2006<\/strong><\/p>\n<p>Mus\u00e9e de Pully \u2013 \u00ab De l\u2019hygi\u00e8ne \u00e0 l\u2019art \u00bb (artist and co-curator of the exhibition)<\/p>\n<p><strong>2005<\/strong><\/p>\n<p>J\u00fcdisches Museum Westfalen, Germany \u2013 \u00ab A Tribute to Kaufhaus N. Israel 1815 \u2013 1939 \u00bb Paintings and collages based on Album N. Israel 1912 \u00ab Hygiene throughout the Ages \u00bb<\/p>\n<p><strong>2002<\/strong><\/p>\n<p>Ghetto Museum, Terezin, Czech rep., exhibition \u00ab A Legacy from Theresienstadt \u00bb\u00a0Concert organised by the Terezin Chamber Music Fondation. Exhibition patroned by the Embassy of Switzerland, Prague. Music of Viktor Ullmann and Hans Krasa performed by the Hawthorne Quartet, Boston<\/p>\n<p><strong>2002<\/strong><\/p>\n<p>Spanish Syngogue, Prague \u2013 concert and exhibition of paintings inspired by Hans Krasa\u2019s Quartet, 1924. Music performed by the Hawthorne Quartet, Boston<\/p>\n<p><strong>2001<\/strong><\/p>\n<p>College St-Michel, Fribourg \u2013 organ concert by Ren\u00e9 Oberson with simultaneous screen projection of \u00ab Turangal\u00eela \u00bb paintings.\u00a0 Exhibition of paintings inspired by Oberson\u2019s \u00ab Porte Mystique \u00bb<\/p>\n<p><strong>2001<\/strong><\/p>\n<p>St. Ludwig Kirche, Berlin \u2013 organ concert by Mario Bohnhoff. Music improvised from paintings exhibited<\/p>\n<p><strong>2000<\/strong><\/p>\n<p>Mus\u00e9e de Pully, Switzerland \u2013 \u00ab DESSA : Lyric Abstraction 1990 &#8211; 2000 \u00bb<\/p>\n<p><strong>2000<\/strong><\/p>\n<p>Berliner Dom, Berlin \u2013 \u00ab A Legacy from Theresienstadt \u00bb &#8211; exhibition with symphonic concert, patronage by the Swiss Ambassador to Berlin, Dr Thomas Borer. Viktor Ullmann\u2019s Piano Concerto No 7 performed by Lala Isakova<\/p>\n<\/div><\/section><\/p><\/div>\n<style type=\"text\/css\" data-created_by=\"avia_inline_auto\" id=\"style-css-av-p9fc-64eff465a9e7ef516258383816f4625a\">\n.flex_column.av-p9fc-64eff465a9e7ef516258383816f4625a{\nborder-radius:0px 0px 0px 0px;\npadding:0px 0px 0px 0px;\n}\n<\/style>\n<div  class='flex_column av-p9fc-64eff465a9e7ef516258383816f4625a av_one_half  avia-builder-el-14  el_after_av_one_half  el_before_av_one_half  flex_column_div av-zero-column-padding  '     ><p>\n<style type=\"text\/css\" data-created_by=\"avia_inline_auto\" id=\"style-css-av-a4864t-5674afb7c5b346f0d0f152e62586f7d2\">\n#top .hr.av-a4864t-5674afb7c5b346f0d0f152e62586f7d2{\nmargin-top:30px;\nmargin-bottom:20px;\n}\n.hr.av-a4864t-5674afb7c5b346f0d0f152e62586f7d2 .hr-inner{\nwidth:240px;\nborder-color:#6786a1;\n}\n<\/style>\n<div  class='hr av-a4864t-5674afb7c5b346f0d0f152e62586f7d2 hr-custom  avia-builder-el-15  el_before_av_heading  avia-builder-el-first  hr-left hr-icon-no'><span class='hr-inner inner-border-av-border-thin'><span class=\"hr-inner-style\"><\/span><\/span><\/div><br \/>\n\n<style type=\"text\/css\" data-created_by=\"avia_inline_auto\" id=\"style-css-av-5u9olx-8f99e6f83d65241d38887b196b240e9a\">\n#top .av-special-heading.av-5u9olx-8f99e6f83d65241d38887b196b240e9a{\nmargin:0 0 0 0;\npadding-bottom:25px;\n}\nbody .av-special-heading.av-5u9olx-8f99e6f83d65241d38887b196b240e9a .av-special-heading-tag .heading-char{\nfont-size:25px;\n}\n.av-special-heading.av-5u9olx-8f99e6f83d65241d38887b196b240e9a .av-subheading{\nfont-size:15px;\n}\n<\/style>\n<div  class='av-special-heading av-5u9olx-8f99e6f83d65241d38887b196b240e9a av-special-heading-h2 blockquote modern-quote  avia-builder-el-16  el_after_av_hr  el_before_av_textblock '><h2 class='av-special-heading-tag '  itemprop=\"headline\"  >Galerien<\/h2><div class=\"special-heading-border\"><div class=\"special-heading-inner-border\"><\/div><\/div><\/div><br \/>\n<section  class='av_textblock_section av-kcek8lw0-0b2520b9a3702da215fc219409caa3fc '   itemscope=\"itemscope\" itemtype=\"https:\/\/schema.org\/CreativeWork\" ><div class='avia_textblock'  itemprop=\"text\" ><p><strong>2024<\/strong><\/p>\n<p>Espace Culturel Assens &#8211; DESSA Retrospective. Armin G\u00f6hringer, sculptures.<br \/>\n\n<style type=\"text\/css\" data-created_by=\"avia_inline_auto\" id=\"style-css-av-326xql-ec8ed52105d0cd90d406954eedd07f4a\">\n.av_font_icon.av-326xql-ec8ed52105d0cd90d406954eedd07f4a .av-icon-char{\nfont-size:30px;\nline-height:30px;\n}\n<\/style>\n<span  class='av_font_icon av-326xql-ec8ed52105d0cd90d406954eedd07f4a avia_animate_when_visible av-icon-style- avia-icon-pos-left avia-iconfont avia-font-entypo-fontello av-no-color avia-icon-animate'><a href='https:\/\/dessa-art.com\/wp-content\/uploads\/2024\/08\/assens.jpg'  target=\"_blank\"  rel=\"noopener noreferrer\"  class='av-icon-char' data-av_icon='\ue80f' data-av_iconfont='entypo-fontello' aria-hidden=\"false\" ><\/a><\/span><br \/>\n\n<style type=\"text\/css\" data-created_by=\"avia_inline_auto\" id=\"style-css-av-av_hr-82f5be0ae0af6a64fe3091010b237709\">\n#top .hr.hr-invisible.av-av_hr-82f5be0ae0af6a64fe3091010b237709{\nheight:20px;\n}\n<\/style>\n<div  class='hr av-av_hr-82f5be0ae0af6a64fe3091010b237709 hr-invisible  avia-builder-el-19  el_after_av_font_icon  avia-builder-el-last '><span class='hr-inner '><span class=\"hr-inner-style\"><\/span><\/span><\/div><\/p>\n<p><strong>2017<\/strong><\/p>\n<p>Fondation l\u2019Estr\u00e9e, Ropraz &#8211; Je vous ai entendu et je vous r\u00e9ponds. DESSA et la 2e symphonie de Viktor Ullmann<\/p>\n<p><strong>2015<\/strong><\/p>\n<p>Galerie Petra Lange, Berlin &#8211; \u00ab In der Finsternis die Klarheit \u00bb. In collaboration with the Mitte Museum, Berlin<\/p>\n<p><strong>2015<\/strong><\/p>\n<p>Espace Culturel Assens &#8211; \u00ab Peinture, musique, identit\u00e9 \u00bb<\/p>\n<p><strong>2013<\/strong><\/p>\n<p>Galerie Petra Lange, Berlin &#8211; \u00ab\u00a0Do we smile or do we weep?\u00a0\u00bb Paintings based on the \u00ab\u00a0Four Sea Interludes\u00a0\u00bb and \u00ab\u00a0Passacaglia\u00a0\u00bb from Benjamin Britten\u2019s \u00ab\u00a0Peter Grimes\u00a0\u00bb Centenary Homage to Benjamin Britten (1913 &#8211; 1976) in collaboration with the music editors Boosey and Hawkes<\/p>\n<p><strong>2011<\/strong><\/p>\n<p>Galerie Petra Lange, Berlin \u2013 \u00ab\u00a0Composition\u00a0\u00bb paintings and collages based on Unsuk Chin\u2019s \u00ab\u00a0ParaMetaString\u00a0\u00bb and Detlev Glanert\u2019s \u00ab\u00a0Vergessenes Bild\u00a0\u00bb<\/p>\n<p><strong>2010<\/strong><\/p>\n<p>Gallery JayKay, Carrouge \u2013 DESSA 2000 &#8211; 2010, retrospective exhibition. \u00ab\u00a0Rythme et rouge\u00a0\u00bb 10th Gallery Anniversary concert with simultaneous performance. Drums and percussion Allison Phillips (London), live painting DESSA, film Bernard Villat<\/p>\n<p><strong>2006<\/strong><\/p>\n<p>Galerie Bremer, Berlin \u2013 \u00ab\u00a0Land Escapes\u00a0\u00bb &#8211; 60 th Anniversary of Gallery Bremer<\/p>\n<p><strong>2005<\/strong><\/p>\n<p>Galerie Ollier, Fribourg \u2013 \u00ab DESSA et Schwartz\u00a0: La peinture rencontre la photographie \u00bb<\/p>\n<p><strong>2004<\/strong><\/p>\n<p>Galerie Bremer, Berlin \u2013 \u00ab\u00a0A Tribute to Kaufhaus N. Israel 1815-1939\u00a0\u00bb. Collages and paintings based on Album N. Israel, 1912 \u2018Hygiene Throughout the Ages\u2019<\/p>\n<p><strong>2004<\/strong><\/p>\n<p>Galerie Art \u00e0 La Source, Lausanne<\/p>\n<p><strong>2001<\/strong><\/p>\n<p>Coll\u00e8ge St-Michel Fribourg \u2013\u00a0 paintings based on Ren\u00e9 Oberson\u2019s \u00ab Porte mystique\u00a0\u00bb<\/p>\n<p><strong>2001<\/strong><\/p>\n<p>\u00ab ArtVin\u00a0\u00bb, Ch\u00e2teau d\u2019Allaman<\/p>\n<p><strong>1999<\/strong><\/p>\n<p>Galerie de Couvaloup, Morges \u2013 paintings based on Erich Wolgang Korngold\u2019s \u00ab Abschiedslieder \u00bb<\/p>\n<p><strong>1999<\/strong><\/p>\n<p>Galerie Bremer, Berlin \u2013 paintings based on Erich Korngold\u2019s \u00ab\u00a0Abschiedslieder\u00a0\u00bb<\/p>\n<p><strong>1998<\/strong><\/p>\n<p>Galerie Aulos Musica, Geneva \u2013 \u00ab\u00a0A Legacy from Theresienstadt\u00a0\u00bb<\/p>\n<p><strong>1997<\/strong><\/p>\n<p>Galerie Lilian Andr\u00e9e, Basel \u2013 \u00ab\u00a0A Legacy from Theresienstadt\u00a0\u00bb &#8211; paintings from Viktor Ullmann\u2019s Piano Sonata No 7<\/p>\n<p><strong>1995<\/strong><\/p>\n<p>Galerie Lilian Andr\u00e9e, Basel \u2013 paintings based on Bela Bartok\u2019s\u00a0\u00ab Concerto for Orchestra\u00a0\u00bb<\/p>\n<p><strong>1995<\/strong><\/p>\n<p>Galerie Tribeca, Milan \u2013 paintings based on Nino Rota\u2019s \u00ab\u00a0Concerto per Archi\u00a0\u00bb<\/p>\n<p><strong>1995<\/strong><\/p>\n<p>Galerie de Couvaloup, Morges \u2013 paintings based on Leonard Bernstein\u2019s \u00ab\u00a0Age of Anxiety\u00a0\u00bb<\/p>\n<p><strong>1994<\/strong><\/p>\n<p>Galerie Bremer, Berlin \u2013 paintings based on Leonard Bernstein\u2019s \u00ab\u00a0Age of Anxiety\u00a0\u00bb<\/p>\n<p><strong>1993<\/strong><\/p>\n<p>Galerie West, Bern \u2013 paintings created in Hangzhou, China, from Chinese music for Er-Hu, a two stringed violin<\/p>\n<p><strong>1992<\/strong><\/p>\n<p>Galerie Lilian Andr\u00e9e, Basel \u2013 paintings based on Olivier Messiaen\u2019s \u00ab\u00a0Turangal\u00eela\u00a0\u00bb<\/p>\n<p><strong>1992<\/strong><\/p>\n<p>Galerie de Couvaloup, Morges \u2013 paintings based on Ernest Bloch\u2019s \u00ab\u00a0Schelomo\u00a0\u00bb<\/p>\n<p><strong>1992<\/strong><\/p>\n<p>Expoart, Verona \u2013 paintings based on Nino Rota\u2019s \u00ab\u00a0Concerto per Archi\u00a0\u00bb<\/p>\n<p><strong>1991<\/strong><\/p>\n<p>Galerie West, Bern \u2013 paintings based on Gustav Mahler\u2019s \u00ab The Song of the Earth \u00bb<\/p>\n<p><strong>1990<\/strong><\/p>\n<p>Galerie Chomel, Paris<\/p>\n<\/div><\/section><\/p><\/div>\n<style type=\"text\/css\" data-created_by=\"avia_inline_auto\" id=\"style-css-av-p9fc-c71cf003bdc543befda2c78a35f2703a\">\n.flex_column.av-p9fc-c71cf003bdc543befda2c78a35f2703a{\nborder-radius:0px 0px 0px 0px;\npadding:0px 0px 0px 0px;\n}\n<\/style>\n<div  class='flex_column av-p9fc-c71cf003bdc543befda2c78a35f2703a av_one_half  avia-builder-el-20  el_after_av_one_half  el_before_av_one_half  first flex_column_div av-zero-column-padding  column-top-margin'     ><p>\n<style type=\"text\/css\" data-created_by=\"avia_inline_auto\" id=\"style-css-av-a4864t-5674afb7c5b346f0d0f152e62586f7d2\">\n#top .hr.av-a4864t-5674afb7c5b346f0d0f152e62586f7d2{\nmargin-top:30px;\nmargin-bottom:20px;\n}\n.hr.av-a4864t-5674afb7c5b346f0d0f152e62586f7d2 .hr-inner{\nwidth:240px;\nborder-color:#6786a1;\n}\n<\/style>\n<div  class='hr av-a4864t-5674afb7c5b346f0d0f152e62586f7d2 hr-custom  avia-builder-el-21  el_before_av_heading  avia-builder-el-first  hr-left hr-icon-no'><span class='hr-inner inner-border-av-border-thin'><span class=\"hr-inner-style\"><\/span><\/span><\/div><br \/>\n\n<style type=\"text\/css\" data-created_by=\"avia_inline_auto\" id=\"style-css-av-3us605-9c8bc380d39607b674537797dc8aa453\">\n#top .av-special-heading.av-3us605-9c8bc380d39607b674537797dc8aa453{\nmargin:0 0 0 0;\npadding-bottom:25px;\n}\nbody .av-special-heading.av-3us605-9c8bc380d39607b674537797dc8aa453 .av-special-heading-tag .heading-char{\nfont-size:25px;\n}\n.av-special-heading.av-3us605-9c8bc380d39607b674537797dc8aa453 .av-subheading{\nfont-size:15px;\n}\n<\/style>\n<div  class='av-special-heading av-3us605-9c8bc380d39607b674537797dc8aa453 av-special-heading-h2 blockquote modern-quote  avia-builder-el-22  el_after_av_hr  el_before_av_textblock '><h2 class='av-special-heading-tag '  itemprop=\"headline\"  >Film<\/h2><div class=\"special-heading-border\"><div class=\"special-heading-inner-border\"><\/div><\/div><\/div><br \/>\n<section  class='av_textblock_section av-kcek8lw0-f6bd30931176004ab90c75910bbc411c '   itemscope=\"itemscope\" itemtype=\"https:\/\/schema.org\/CreativeWork\" ><div class='avia_textblock'  itemprop=\"text\" ><p><strong>2022<\/strong><\/p>\n<p>DESSA: The Art of Remembrance \u2013 Alice Salomon. Isabel Fritz &amp; Julia Heidenreich, Berlin<\/p>\n<p><strong>2021<\/strong><\/p>\n<p>\u00ab DESSA: Kunst und Erinnern \u00bb \/Art &amp; Remembrance \u2013 Carmen B\u00e4rwaldt &amp; Joe Probst, Berlin<\/p>\n<p><strong>2020<\/strong><\/p>\n<p>pyramidale 19 l Luft Nach Oben. Transoundart with Susanne Stelzenbach, piano and Dietrich Petzold, violin. Ausstellungszentrum Pyramide, Berlin. Film Henry Mex<\/p>\n<p><strong>2019<\/strong><\/p>\n<p>\u201cN. Israel\u201d Interview by Shelley Katz, Israel<\/p>\n<p><strong>2018<\/strong><\/p>\n<p>\u00ab The Art of Remembrance: Alice Salomon \u00bb &#8211; filmed at the exhibition vernissage in the frauen museum wiesbaden &#8211; Bernard Villat<\/p>\n<p><strong>2015<\/strong><\/p>\n<p>Transoundart : with Aenea Keyes, violin. Espace Culturel Assens &#8211; Bernard Villat<\/p>\n<p><strong>2015<\/strong><\/p>\n<p>Transoundart : with Michael Wiener, piano. United Nations, Geneva.<\/p>\n<p><strong>2010<\/strong><\/p>\n<p>\u00ab\u00a0Rythme et rouge\u00a0\u00bb with Allison Phillips, drums &#8211; Bernard Villat, Geneva<\/p>\n<p><strong>2008<\/strong><\/p>\n<p>\u00ab\u00a0Musique et pinceaux\u00a0\u00bb &#8211; Bernard Villat, Geneva<\/p>\n<p><strong>2000<\/strong><\/p>\n<p>\u00ab DESSA: Paintings 1990 \u2013 2000 \u00bb by Bernard Villat, Geneva for the exhibition held at the Museum of Pully \u00ab The Colours of Music \u2013 Berlin 2000 \u00bb produced by Bernard Villat for the exhibition held at the Berliner Dom<\/p>\n<\/div><\/section><br \/>\n\n<style type=\"text\/css\" data-created_by=\"avia_inline_auto\" id=\"style-css-av-a4864t-5674afb7c5b346f0d0f152e62586f7d2\">\n#top .hr.av-a4864t-5674afb7c5b346f0d0f152e62586f7d2{\nmargin-top:30px;\nmargin-bottom:20px;\n}\n.hr.av-a4864t-5674afb7c5b346f0d0f152e62586f7d2 .hr-inner{\nwidth:240px;\nborder-color:#6786a1;\n}\n<\/style>\n<div  class='hr av-a4864t-5674afb7c5b346f0d0f152e62586f7d2 hr-custom  avia-builder-el-24  el_after_av_textblock  el_before_av_heading  hr-left hr-icon-no'><span class='hr-inner inner-border-av-border-thin'><span class=\"hr-inner-style\"><\/span><\/span><\/div><br \/>\n\n<style type=\"text\/css\" data-created_by=\"avia_inline_auto\" id=\"style-css-av-l318j0xg-eef5f3d87c6b0edf4f138c29d8539910\">\n#top .av-special-heading.av-l318j0xg-eef5f3d87c6b0edf4f138c29d8539910{\nmargin:0 0 0 0;\npadding-bottom:25px;\n}\nbody .av-special-heading.av-l318j0xg-eef5f3d87c6b0edf4f138c29d8539910 .av-special-heading-tag .heading-char{\nfont-size:25px;\n}\n.av-special-heading.av-l318j0xg-eef5f3d87c6b0edf4f138c29d8539910 .av-subheading{\nfont-size:15px;\n}\n<\/style>\n<div  class='av-special-heading av-l318j0xg-eef5f3d87c6b0edf4f138c29d8539910 av-special-heading-h2 blockquote modern-quote  avia-builder-el-25  el_after_av_hr  el_before_av_textblock '><h2 class='av-special-heading-tag '  itemprop=\"headline\"  >Vortr\u00e4ge<\/h2><div class=\"special-heading-border\"><div class=\"special-heading-inner-border\"><\/div><\/div><\/div><br \/>\n<section  class='av_textblock_section av-kcek8lw0-f6bd30931176004ab90c75910bbc411c '   itemscope=\"itemscope\" itemtype=\"https:\/\/schema.org\/CreativeWork\" ><div class='avia_textblock'  itemprop=\"text\" ><p><strong>2022<\/strong><\/p>\n<p>\u201cHow art can serve collective memory\u201d \u2013 La Maison de la Femme, Lausanne. Conference organised by Espace Artistes Femmes<\/p>\n<p><strong>2018<\/strong><\/p>\n<p>On art project \u201cStolzesteine\u201d \u2013 Berlin Visitor\u2019s Programme of the Federal Republic of Germany.<\/p>\n<p><strong>2016<\/strong><\/p>\n<p>International Womens Club, Lausanne &#8211; \u00ab\u00a0Do We Smile or Do We Weep?\u00a0\u00bb with slides and CD recording of Benjamin Britten\u2019s music<\/p>\n<p><strong>2004<\/strong><\/p>\n<p>\u00ab A Tribute to Kaufhaus N. Israel 1815-1939 \u00bb,\u00a0Beith GIL, Geneva<\/p>\n<p><strong>1999<\/strong><\/p>\n<p>\u00ab A Legacy from Theresienstadt \u00bb, Holocaust Commemorative, Appalachian State University, North Carolina, USA (with slides and CD) for art, music and history students<\/p>\n<p><strong>1998<\/strong><\/p>\n<p>\u00ab A Legacy from Theresienstadt \u00bb, lecture with slides of the paintings and CD recording of Viktor Ullmann\u2019s music given in Verona, Lausanne, Geneva, Pully and Montreux<\/p>\n<\/div><\/section><\/p><\/div>\n<style type=\"text\/css\" data-created_by=\"avia_inline_auto\" id=\"style-css-av-p9fc-64eff465a9e7ef516258383816f4625a\">\n.flex_column.av-p9fc-64eff465a9e7ef516258383816f4625a{\nborder-radius:0px 0px 0px 0px;\npadding:0px 0px 0px 0px;\n}\n<\/style>\n<div  class='flex_column av-p9fc-64eff465a9e7ef516258383816f4625a av_one_half  avia-builder-el-27  el_after_av_one_half  avia-builder-el-last  flex_column_div av-zero-column-padding  column-top-margin'     ><p>\n<style type=\"text\/css\" data-created_by=\"avia_inline_auto\" id=\"style-css-av-a4864t-5674afb7c5b346f0d0f152e62586f7d2\">\n#top .hr.av-a4864t-5674afb7c5b346f0d0f152e62586f7d2{\nmargin-top:30px;\nmargin-bottom:20px;\n}\n.hr.av-a4864t-5674afb7c5b346f0d0f152e62586f7d2 .hr-inner{\nwidth:240px;\nborder-color:#6786a1;\n}\n<\/style>\n<div  class='hr av-a4864t-5674afb7c5b346f0d0f152e62586f7d2 hr-custom  avia-builder-el-28  el_before_av_heading  avia-builder-el-first  hr-left hr-icon-no'><span class='hr-inner inner-border-av-border-thin'><span class=\"hr-inner-style\"><\/span><\/span><\/div><br \/>\n\n<style type=\"text\/css\" data-created_by=\"avia_inline_auto\" id=\"style-css-av-2u3nf9-84112e0d7f387b60c093b90c416c7187\">\n#top .av-special-heading.av-2u3nf9-84112e0d7f387b60c093b90c416c7187{\nmargin:0 0 0 0;\npadding-bottom:25px;\n}\nbody .av-special-heading.av-2u3nf9-84112e0d7f387b60c093b90c416c7187 .av-special-heading-tag .heading-char{\nfont-size:25px;\n}\n.av-special-heading.av-2u3nf9-84112e0d7f387b60c093b90c416c7187 .av-subheading{\nfont-size:15px;\n}\n<\/style>\n<div  class='av-special-heading av-2u3nf9-84112e0d7f387b60c093b90c416c7187 av-special-heading-h2 blockquote modern-quote  avia-builder-el-29  el_after_av_hr  el_before_av_textblock '><h2 class='av-special-heading-tag '  itemprop=\"headline\"  >Diverse Aktivit\u00e4ten<\/h2><div class=\"special-heading-border\"><div class=\"special-heading-inner-border\"><\/div><\/div><\/div><br \/>\n<section  class='av_textblock_section av-kcek8lw0-f6bd30931176004ab90c75910bbc411c '   itemscope=\"itemscope\" itemtype=\"https:\/\/schema.org\/CreativeWork\" ><div class='avia_textblock'  itemprop=\"text\" ><p><strong>2021<\/strong><\/p>\n<p>Transoundart performance with Michael Wiener, electric piano, and an interview by Michael Wiener on my work for virtual event, \u201cHuman Rights Re-Imagined: A Virtual Art and Activism Tour\u201d &amp; Webinar \u201c#Music4Faith4Rights\u201d.<\/p>\n<p><strong>2020<\/strong><\/p>\n<p>pyramidale 19 l Luft. Transoundart performance with Susanne Stelzenbach, piano and Dietrich Petzold, violin. Ausstellungszentrum Pyramide, Berlin<\/p>\n<p><strong>2019<\/strong><\/p>\n<p>\u00ab Forum Geschichte \u00bb Cornelsen, Berlin \u2013 Geschichtskultur: kontra Stolpersteine p.107<\/p>\n<p><strong>2018<\/strong><\/p>\n<p>Pyramid Exhibition Centre, Berlin. Podium Discussion \u201cBlack Holes and Blind Spots. Memory as Art \u00bb together with Isabel Morgenstern, moderator Alice Lanzke.<\/p>\n<p><strong>2018<\/strong><\/p>\n<p>Piano Sonata N. 7 by Viktor Ullmann played by Lala Isakova with screen projection of paintings from \u00ab A Legacy from Theresienstadt \u00bb on the occasion of Yom Hashoa, Jewish Community Centre, Lausanne<\/p>\n<p><strong>2016<\/strong><\/p>\n<p>Collage workshops for school students during exhibition at Mitte Museum, Berlin.<\/p>\n<p><strong>2015<\/strong><\/p>\n<p>Transoundart : Improvised conversation between paintbrushes DESSA and piano Michael Wiener. United Nations 70 anniversary, Open Day, Geneva.<\/p>\n<p><strong>2015<\/strong><\/p>\n<p>Transoundart\u00a0: Improvised conversation between paintbrushes DESSA and Aenea Keyes, violin. Centre Culturel Assens<\/p>\n<p><strong>2010<\/strong><\/p>\n<p>\u00ab Rythme &amp; rouge \u00bb \u2013 Gallery Jaykay \u2013 improvised conversation with drums, Allison Phillips.<\/p>\n<p><strong>2008<\/strong><\/p>\n<p>Painting \u00ab In the autumn of my life \u00bb &#8211; front cover of \u00ab Miraflores \u00bb poems by Leopoldo Chariarse, (Spanish &amp; German) Rimbaud Verlag<\/p>\n<p><strong>2007<\/strong><\/p>\n<p>Kalenderfest, Ruksaldruck, Berlin<\/p>\n<p><strong>2006<\/strong><\/p>\n<p>J\u00fcdisches Museum Westfalen \u2013 Kunst und Musik \u00ab A Legacy from Theresienastadt \u00bb<\/p>\n<p><strong>2004<\/strong><\/p>\n<p>Patricia Corbett Theater, Cincinnati \u2013 play reading by CCM with screen projections of paintings from \u00ab A Legacy from Theresienstadt \u00bb<\/p>\n<p><strong>2001<\/strong><\/p>\n<p>Wine bottle label \u00ab ArtVin 2000 \u00bb for Soci\u00e9t\u00e9 Vinicole Perroy<\/p>\n<p><strong>1994<\/strong><\/p>\n<p>Painting for front cover CD \u00ab Gloria Sepharadica \u00bb produced by S. Bernheim<\/p>\n<\/div><\/section><\/p><\/div>\n","protected":false},"excerpt":{"rendered":"","protected":false},"author":1,"featured_media":0,"parent":0,"menu_order":0,"comment_status":"closed","ping_status":"closed","template":"","meta":{"footnotes":""},"class_list":["post-1157","page","type-page","status-publish","hentry"],"_links":{"self":[{"href":"https:\/\/dessa-art.com\/de\/wp-json\/wp\/v2\/pages\/1157","targetHints":{"allow":["GET"]}}],"collection":[{"href":"https:\/\/dessa-art.com\/de\/wp-json\/wp\/v2\/pages"}],"about":[{"href":"https:\/\/dessa-art.com\/de\/wp-json\/wp\/v2\/types\/page"}],"author":[{"embeddable":true,"href":"https:\/\/dessa-art.com\/de\/wp-json\/wp\/v2\/users\/1"}],"replies":[{"embeddable":true,"href":"https:\/\/dessa-art.com\/de\/wp-json\/wp\/v2\/comments?post=1157"}],"version-history":[{"count":5,"href":"https:\/\/dessa-art.com\/de\/wp-json\/wp\/v2\/pages\/1157\/revisions"}],"predecessor-version":[{"id":3172,"href":"https:\/\/dessa-art.com\/de\/wp-json\/wp\/v2\/pages\/1157\/revisions\/3172"}],"wp:attachment":[{"href":"https:\/\/dessa-art.com\/de\/wp-json\/wp\/v2\/media?parent=1157"}],"curies":[{"name":"wp","href":"https:\/\/api.w.org\/{rel}","templated":true}]}}